{"id":4362,"date":"2018-02-12T17:37:06","date_gmt":"2018-02-12T16:37:06","guid":{"rendered":"https:\/\/www.chateau-calissanne.fr\/clef-de-saint-thomas\/proprietaire-recoltant-chateauneuf-du-pape\/"},"modified":"2020-01-09T10:15:16","modified_gmt":"2020-01-09T09:15:16","slug":"cdp-weinerzeugung-aus-eigenem-anbau","status":"publish","type":"page","link":"https:\/\/www.chateau-calissanne.fr\/de\/clef-de-st-thomas\/cdp-weinerzeugung-aus-eigenem-anbau\/","title":{"rendered":"Weinerzeugung aus eigenem Anbau"},"content":{"rendered":"<p>[et_pb_section fb_built=&#8220;1&#8243; fullwidth=&#8220;on&#8220; _builder_version=&#8220;3.22&#8243; custom_padding=&#8220;0px|0px|0px|0px&#8220; fb_built=&#8220;1&#8243; _i=&#8220;0&#8243; _address=&#8220;0&#8243;][et_pb_fullwidth_slider show_arrows=&#8220;off&#8220; show_pagination=&#8220;off&#8220; admin_label=&#8220;Curseur de d\u00e9filement plein \u00e9cran&#8220; _builder_version=&#8220;3.16&#8243; header_font=&#8220;||||||||&#8220; custom_padding=&#8220;15em||10em|&#8220; custom_padding_phone=&#8220;5em||5em|&#8220; custom_padding_last_edited=&#8220;on|phone&#8220; _i=&#8220;0&#8243; _address=&#8220;0.0&#8243; button_text_size__hover_enabled=&#8220;off&#8220; button_one_text_size__hover_enabled=&#8220;off&#8220; button_two_text_size__hover_enabled=&#8220;off&#8220; button_text_color__hover_enabled=&#8220;off&#8220; button_one_text_color__hover_enabled=&#8220;off&#8220; button_two_text_color__hover_enabled=&#8220;off&#8220; button_border_width__hover_enabled=&#8220;off&#8220; button_one_border_width__hover_enabled=&#8220;off&#8220; button_two_border_width__hover_enabled=&#8220;off&#8220; button_border_color__hover_enabled=&#8220;off&#8220; button_one_border_color__hover_enabled=&#8220;off&#8220; button_two_border_color__hover_enabled=&#8220;off&#8220; button_border_radius__hover_enabled=&#8220;off&#8220; button_one_border_radius__hover_enabled=&#8220;off&#8220; button_two_border_radius__hover_enabled=&#8220;off&#8220; button_letter_spacing__hover_enabled=&#8220;off&#8220; button_one_letter_spacing__hover_enabled=&#8220;off&#8220; button_two_letter_spacing__hover_enabled=&#8220;off&#8220; button_bg_color__hover_enabled=&#8220;off&#8220; button_one_bg_color__hover_enabled=&#8220;off&#8220; button_two_bg_color__hover_enabled=&#8220;off&#8220;][et_pb_slide heading=&#8220;Weinerzeugung aus eigenem Anbau&#8220; use_bg_overlay=&#8220;on&#8220; bg_overlay_color=&#8220;rgba(0,0,0,0.3)&#8220; use_text_overlay=&#8220;off&#8220; _builder_version=&#8220;3.16&#8243; header_font=&#8220;||||||||&#8220; header_font_size=&#8220;76px&#8220; background_color=&#8220;#ffffff&#8220; background_image=&#8220;https:\/\/www.chateau-calissanne.fr\/wp-content\/uploads\/2018\/03\/CALISSANNE_SaintThomas_12.jpg&#8220; button_on_hover=&#8220;on&#8220; header_font_size_phone=&#8220;40px&#8220; header_font_size_last_edited=&#8220;on|phone&#8220; _i=&#8220;0&#8243; _address=&#8220;0.0.0&#8243; button_text_size__hover_enabled=&#8220;off&#8220; button_one_text_size__hover_enabled=&#8220;off&#8220; button_two_text_size__hover_enabled=&#8220;off&#8220; button_text_color__hover_enabled=&#8220;off&#8220; button_one_text_color__hover_enabled=&#8220;off&#8220; button_two_text_color__hover_enabled=&#8220;off&#8220; button_border_width__hover_enabled=&#8220;off&#8220; button_one_border_width__hover_enabled=&#8220;off&#8220; button_two_border_width__hover_enabled=&#8220;off&#8220; button_border_color__hover_enabled=&#8220;off&#8220; button_one_border_color__hover_enabled=&#8220;off&#8220; button_two_border_color__hover_enabled=&#8220;off&#8220; button_border_radius__hover_enabled=&#8220;off&#8220; button_one_border_radius__hover_enabled=&#8220;off&#8220; button_two_border_radius__hover_enabled=&#8220;off&#8220; button_letter_spacing__hover_enabled=&#8220;off&#8220; button_one_letter_spacing__hover_enabled=&#8220;off&#8220; button_two_letter_spacing__hover_enabled=&#8220;off&#8220; button_bg_color__hover_enabled=&#8220;off&#8220; button_one_bg_color__hover_enabled=&#8220;off&#8220; button_two_bg_color__hover_enabled=&#8220;off&#8220;][\/et_pb_slide][\/et_pb_fullwidth_slider][\/et_pb_section][et_pb_section fb_built=&#8220;1&#8243; custom_padding_last_edited=&#8220;on|desktop&#8220; _builder_version=&#8220;3.22&#8243; background_color=&#8220;#e6e7e8&#8243; custom_margin_last_edited=&#8220;on|desktop&#8220; custom_padding_phone=&#8220;0px||0px|&#8220; fb_built=&#8220;1&#8243; _i=&#8220;1&#8243; _address=&#8220;1&#8243;][et_pb_row custom_padding_last_edited=&#8220;on|desktop&#8220; _builder_version=&#8220;3.25&#8243; background_size=&#8220;initial&#8220; background_position=&#8220;top_left&#8220; background_repeat=&#8220;repeat&#8220; custom_margin=&#8220;|||&#8220; custom_margin_phone=&#8220;|0px||0px&#8220; custom_margin_last_edited=&#8220;off|desktop&#8220; custom_padding=&#8220;|||&#8220; custom_padding_phone=&#8220;|||&#8220; _i=&#8220;0&#8243; _address=&#8220;1.0&#8243;][et_pb_column type=&#8220;4_4&#8243; _builder_version=&#8220;3.25&#8243; custom_padding=&#8220;|||&#8220; custom_padding_phone=&#8220;|0px||0px&#8220; custom_padding_last_edited=&#8220;off|desktop&#8220; padding_phone=&#8220;|0px||0px&#8220; padding_last_edited=&#8220;off|desktop&#8220; _i=&#8220;0&#8243; _address=&#8220;1.0.0&#8243; custom_padding__hover=&#8220;|||&#8220;][et_pb_text admin_label=&#8220;Propri\u00e9taire r\u00e9coltant&#8220; _builder_version=&#8220;3.29.3&#8243; header_font=&#8220;||||||||&#8220; header_4_font=&#8220;||||||||&#8220; custom_margin_phone=&#8220;|||&#8220; custom_margin_last_edited=&#8220;on|desktop&#8220; custom_padding=&#8220;|||&#8220; custom_padding_phone=&#8220;|||&#8220; custom_padding_last_edited=&#8220;on|desktop&#8220; hover_enabled=&#8220;0&#8243; header_4_font_size_phone=&#8220;20px&#8220; header_4_font_size_last_edited=&#8220;on|desktop&#8220; _i=&#8220;0&#8243; _address=&#8220;1.0.0.0&#8243;]<\/p>\n<h4 style=\"text-align: center;\">2006 hat sich Philippe Kessler seinen Traum erf\u00fcllt und Weinreben in Ch\u00e2teauneuf du Pape gekauft. Ermutigt durch seine Erfahrungen im Ch\u00e2teau Calissanne hat er die L\u00e4ndereien aufgekauft, die zum Weingut Clef de Saint Thomas geworden sind.<br \/> Sophie Kessler Mati\u00e8re und ihr Sohn Thomas sind das Erbe angetreten und leiten heute das Weingut.<\/h4>\n<p>&nbsp;<\/p>\n<h4 style=\"text-align: center;\"><strong>Wussten Sie schon?<\/strong> Nach dem Kauf des mehrheitlich mit roten Reben bepflanzten Weinbergs wurden Reihen mit wei\u00dfen Reben entdeckt und aus ihnen entstand der wei\u00dfe Jahrgangswein: La Clef de Saint Thomas blanc!<\/h4>\n<p>[\/et_pb_text][\/et_pb_column][\/et_pb_row][\/et_pb_section][et_pb_section fb_built=&#8220;1&#8243; custom_padding_last_edited=&#8220;on|desktop&#8220; _builder_version=&#8220;3.22&#8243; custom_padding_phone=&#8220;||0px|&#8220; fb_built=&#8220;1&#8243; _i=&#8220;2&#8243; _address=&#8220;2&#8243;][et_pb_row custom_padding_last_edited=&#8220;on|desktop&#8220; _builder_version=&#8220;3.25&#8243; background_size=&#8220;initial&#8220; background_position=&#8220;top_left&#8220; background_repeat=&#8220;repeat&#8220; custom_padding_phone=&#8220;0px|||&#8220; _i=&#8220;0&#8243; _address=&#8220;2.0&#8243; column_structure=&#8220;1_2,1_2&#8243;][et_pb_column type=&#8220;1_2&#8243; _builder_version=&#8220;3.25&#8243; custom_padding=&#8220;|||&#8220; custom_padding_phone=&#8220;0px|||&#8220; custom_padding_last_edited=&#8220;off|desktop&#8220; padding_phone=&#8220;0px|||&#8220; padding_last_edited=&#8220;off|desktop&#8220; _i=&#8220;0&#8243; _address=&#8220;2.0.0&#8243; custom_padding__hover=&#8220;|||&#8220;][et_pb_text admin_label=&#8220;La l\u00e9gende de Saint Thomas&#8220; _builder_version=&#8220;3.27.4&#8243; _i=&#8220;0&#8243; _address=&#8220;2.0.0.0&#8243;]<\/p>\n<h4 style=\"text-align: center;\">Der Hl. Thomas ist der einzige der zw\u00f6lf Aposteln, der \u201eseinen Augen getraut hat, als er sah.\u201c<\/h4>\n<p>[\/et_pb_text][et_pb_text _builder_version=&#8220;3.27.4&#8243; _i=&#8220;1&#8243; _address=&#8220;2.0.0.1&#8243;]<\/p>\n<h5 style=\"text-align: center;\">in Mensch, der sich auf seine Sinne verl\u00e4sst, ein wachsamer Mensch, der f\u00fcr die Wirklichkeit empf\u00e4nglich ist. Der Hl. Thomas besitzt den Schl\u00fcssel, der f\u00fcr Sinneseindr\u00fccke und die F\u00fclle des Lebens empf\u00e4nglich macht.<\/h5>\n<p>[\/et_pb_text][et_pb_divider color=&#8220;#16202f&#8220; divider_weight=&#8220;2px&#8220; _builder_version=&#8220;3.0.106&#8243; max_width=&#8220;25%&#8220; module_alignment=&#8220;center&#8220; _i=&#8220;2&#8243; _address=&#8220;2.0.0.2&#8243;][\/et_pb_divider][et_pb_text _builder_version=&#8220;3.27.4&#8243; _i=&#8220;3&#8243; _address=&#8220;2.0.0.3&#8243;]<\/p>\n<p style=\"text-align: justify;\">Was f\u00fcr eine wundersch\u00f6ne Metapher f\u00fcr die Winzer auf unserem Weingut! Wir reichen Ihnen den Schl\u00fcssel, der Sie in die Welt der Sch\u00f6nheit und Sch\u00f6pfung entf\u00fchrt!<\/p>\n<p>[\/et_pb_text][\/et_pb_column][et_pb_column type=&#8220;1_2&#8243; _builder_version=&#8220;3.25&#8243; custom_padding=&#8220;|||&#8220; custom_padding_phone=&#8220;0px|||&#8220; custom_padding_last_edited=&#8220;off|desktop&#8220; padding_phone=&#8220;0px|||&#8220; padding_last_edited=&#8220;off|desktop&#8220; _i=&#8220;1&#8243; _address=&#8220;2.0.1&#8243; custom_padding__hover=&#8220;|||&#8220;][et_pb_text _builder_version=&#8220;3.27.4&#8243; _i=&#8220;0&#8243; _address=&#8220;2.0.1.0&#8243;]<\/p>\n<p style=\"text-align: justify;\">Wie symboltr\u00e4chtig f\u00fcr den Weinbauer des Weinguts Ch\u00e2teauneuf-du-Pape, der somit f\u00f6rmlich sp\u00fcren kann, wie sich die Materie entfaltet und durch sein Einwirken verwandelt, sodass sich im eben gewonnenen Wein das Edle des Anbaugebiets entfaltet, das durch den Prunk von mehr als einem Jahrhundert Papsttum ganz in seinem eigenen Rhythmus atmet: die Weinterrassen der Rhone, der Bergschatten des Mont Ventoux, die Erhabenheit des Schlosses, das sich \u00fcber dem aus der Antike stammenden Dorf erhebt, die unmittelbare N\u00e4he des Papstpalastes von Avignon, die Generosit\u00e4t des provenzalischen Bodens, die Symphonie unserer sieben Weinreben, die W\u00e4rme, die von den Rollkieseln w\u00e4hrend der langen Sommern\u00e4chte langsam widerstrahlt und die purpurroten oder goldenen Farben der schweren Trauben, die von den letzten Sonnenstrahlen der Septembersonne gen\u00e4hrt werden.<br \/>All dies sind Empfindungen, denen Sie kaum gleichg\u00fcltig gegen\u00fcber bleiben k\u00f6nnen und die Ihnen den Schl\u00fcssel zu unserem K\u00f6nigreich verschaffen, in der Verhei\u00dfung einer Gaumenfreude, die es zu teilen gilt.<\/p>\n<p>[\/et_pb_text][\/et_pb_column][\/et_pb_row][\/et_pb_section][et_pb_section fb_built=&#8220;1&#8243; _builder_version=&#8220;3.22&#8243; custom_margin=&#8220;|||&#8220; custom_padding=&#8220;0px|0px|0px|0px&#8220; top_divider_style=&#8220;slant2&#8243; top_divider_color=&#8220;#ffffff&#8220; top_divider_arrangement=&#8220;above_content&#8220; custom_css_main_element=&#8220;min-height: 400px;||height: 400px;&#8220; fb_built=&#8220;1&#8243; _i=&#8220;3&#8243; _address=&#8220;3&#8243;][et_pb_row use_custom_gutter=&#8220;on&#8220; gutter_width=&#8220;1&#8243; make_equal=&#8220;on&#8220; module_class=&#8220; et_pb_row_fullwidth&#8220; _builder_version=&#8220;3.25&#8243; width=&#8220;100%&#8220; width_tablet=&#8220;100%&#8220; width_last_edited=&#8220;on|desktop&#8220; max_width=&#8220;100%&#8220; max_width_tablet=&#8220;100%&#8220; max_width_last_edited=&#8220;on|desktop&#8220; custom_margin=&#8220;0px|0px|0px|0px&#8220; custom_padding=&#8220;0px|0px|0px|0px&#8220; custom_css_main_element=&#8220;min-height: 400px;||height: 400px;&#8220; make_fullwidth=&#8220;on&#8220; _i=&#8220;0&#8243; _address=&#8220;3.0&#8243;][et_pb_column type=&#8220;4_4&#8243; _builder_version=&#8220;3.25&#8243; background_image=&#8220;https:\/\/www.chateau-calissanne.fr\/wp-content\/uploads\/2018\/03\/CALISSANNE_SaintThomas_13.jpg&#8220; background_repeat=&#8220;repeat&#8220; custom_padding=&#8220;0px|0px|0px|0px&#8220; custom_css_main_element=&#8220;min-height: 400px;||height: 400px;&#8220; padding_bottom=&#8220;0px&#8220; padding_left=&#8220;0px&#8220; padding_right=&#8220;0px&#8220; padding_top=&#8220;0px&#8220; bg_img=&#8220;https:\/\/www.chateau-calissanne.fr\/wp-content\/uploads\/2018\/03\/CALISSANNE_SaintThomas_13.jpg&#8220; custom_css_main=&#8220;min-height: 400px;||height: 400px;&#8220; _i=&#8220;0&#8243; _address=&#8220;3.0.0&#8243; custom_padding__hover=&#8220;|||&#8220;][et_pb_image align_tablet=&#8220;center&#8220; align_last_edited=&#8220;on|desktop&#8220; _builder_version=&#8220;3.23&#8243; _i=&#8220;0&#8243; _address=&#8220;3.0.0.0&#8243;][\/et_pb_image][\/et_pb_column][\/et_pb_row][\/et_pb_section]<\/p>\n","protected":false},"excerpt":{"rendered":"<p>2006 hat sich Philippe Kessler seinen Traum erf\u00fcllt und Weinreben in Ch\u00e2teauneuf du Pape gekauft. Ermutigt durch seine Erfahrungen im Ch\u00e2teau Calissanne hat er die L\u00e4ndereien aufgekauft, die zum Weingut Clef de Saint Thomas geworden sind. Sophie Kessler Mati\u00e8re und ihr Sohn Thomas sind das Erbe angetreten und leiten heute das Weingut. &nbsp; Wussten Sie [&hellip;]<\/p>\n","protected":false},"author":1,"featured_media":0,"parent":4341,"menu_order":0,"comment_status":"closed","ping_status":"closed","template":"","meta":{"_acf_changed":false,"_et_pb_use_builder":"on","_et_pb_old_content":"","_et_gb_content_width":"","inline_featured_image":false,"footnotes":""},"class_list":["post-4362","page","type-page","status-publish","hentry"],"acf":[],"yoast_head":"<!-- This site is optimized with the Yoast SEO plugin v25.4 - https:\/\/yoast.com\/wordpress\/plugins\/seo\/ -->\n<title>Weinerzeugung aus eigenem Anbau - Ch\u00e2teau Calissanne | Huiles &amp; Vins de Provence<\/title>\n<meta name=\"description\" content=\"En 2006, Philippe Kessler, fort de l\u2019exp\u00e9rience avec le Ch\u00e2teau Calissanne, a achet\u00e9 la propri\u00e9t\u00e9 qui devient le Domaine Clef de St-Thomas et qui est aujourd\u2019hui dirig\u00e9 par son \u00e9pouse Sophie Kessler-Mati\u00e8re.\" \/>\n<meta name=\"robots\" content=\"index, follow, max-snippet:-1, max-image-preview:large, max-video-preview:-1\" \/>\n<link rel=\"canonical\" href=\"https:\/\/www.chateau-calissanne.fr\/de\/clef-de-st-thomas\/cdp-weinerzeugung-aus-eigenem-anbau\/\" \/>\n<meta property=\"og:locale\" content=\"de_DE\" \/>\n<meta property=\"og:type\" content=\"article\" \/>\n<meta property=\"og:title\" content=\"Weinerzeugung aus eigenem Anbau - Ch\u00e2teau Calissanne | Huiles &amp; Vins de Provence\" \/>\n<meta property=\"og:description\" content=\"En 2006, Philippe Kessler, fort de l\u2019exp\u00e9rience avec le Ch\u00e2teau Calissanne, a achet\u00e9 la propri\u00e9t\u00e9 qui devient le Domaine Clef de St-Thomas et qui est aujourd\u2019hui dirig\u00e9 par son \u00e9pouse Sophie Kessler-Mati\u00e8re.\" \/>\n<meta property=\"og:url\" content=\"https:\/\/www.chateau-calissanne.fr\/de\/clef-de-st-thomas\/cdp-weinerzeugung-aus-eigenem-anbau\/\" \/>\n<meta property=\"og:site_name\" content=\"Ch\u00e2teau Calissanne | Huiles &amp; Vins de Provence\" \/>\n<meta property=\"article:modified_time\" content=\"2020-01-09T09:15:16+00:00\" \/>\n<meta name=\"twitter:card\" content=\"summary_large_image\" \/>\n<meta name=\"twitter:label1\" content=\"Gesch\u00e4tzte Lesezeit\" \/>\n\t<meta name=\"twitter:data1\" content=\"7\u00a0Minuten\" \/>\n<script type=\"application\/ld+json\" class=\"yoast-schema-graph\">{\"@context\":\"https:\/\/schema.org\",\"@graph\":[{\"@type\":\"WebPage\",\"@id\":\"https:\/\/www.chateau-calissanne.fr\/de\/clef-de-st-thomas\/cdp-weinerzeugung-aus-eigenem-anbau\/\",\"url\":\"https:\/\/www.chateau-calissanne.fr\/de\/clef-de-st-thomas\/cdp-weinerzeugung-aus-eigenem-anbau\/\",\"name\":\"Weinerzeugung aus eigenem Anbau - Ch\u00e2teau Calissanne | Huiles &amp; Vins de Provence\",\"isPartOf\":{\"@id\":\"https:\/\/www.chateau-calissanne.fr\/#website\"},\"datePublished\":\"2018-02-12T16:37:06+00:00\",\"dateModified\":\"2020-01-09T09:15:16+00:00\",\"description\":\"En 2006, Philippe Kessler, fort de l\u2019exp\u00e9rience avec le Ch\u00e2teau Calissanne, a achet\u00e9 la propri\u00e9t\u00e9 qui devient le Domaine Clef de St-Thomas et qui est aujourd\u2019hui dirig\u00e9 par son \u00e9pouse Sophie Kessler-Mati\u00e8re.\",\"breadcrumb\":{\"@id\":\"https:\/\/www.chateau-calissanne.fr\/de\/clef-de-st-thomas\/cdp-weinerzeugung-aus-eigenem-anbau\/#breadcrumb\"},\"inLanguage\":\"de\",\"potentialAction\":[{\"@type\":\"ReadAction\",\"target\":[\"https:\/\/www.chateau-calissanne.fr\/de\/clef-de-st-thomas\/cdp-weinerzeugung-aus-eigenem-anbau\/\"]}]},{\"@type\":\"BreadcrumbList\",\"@id\":\"https:\/\/www.chateau-calissanne.fr\/de\/clef-de-st-thomas\/cdp-weinerzeugung-aus-eigenem-anbau\/#breadcrumb\",\"itemListElement\":[{\"@type\":\"ListItem\",\"position\":1,\"name\":\"Accueil\",\"item\":\"https:\/\/www.chateau-calissanne.fr\/de\/\"},{\"@type\":\"ListItem\",\"position\":2,\"name\":\"Clef de St Thomas\",\"item\":\"https:\/\/www.chateau-calissanne.fr\/de\/?page_id=4341\"},{\"@type\":\"ListItem\",\"position\":3,\"name\":\"Weinerzeugung aus eigenem Anbau\"}]},{\"@type\":\"WebSite\",\"@id\":\"https:\/\/www.chateau-calissanne.fr\/#website\",\"url\":\"https:\/\/www.chateau-calissanne.fr\/\",\"name\":\"Ch\u00e2teau Calissanne | Huiles &amp; Vins de Provence\",\"description\":\"Huiles &amp; Vin de Provence\",\"publisher\":{\"@id\":\"https:\/\/www.chateau-calissanne.fr\/#organization\"},\"potentialAction\":[{\"@type\":\"SearchAction\",\"target\":{\"@type\":\"EntryPoint\",\"urlTemplate\":\"https:\/\/www.chateau-calissanne.fr\/?s={search_term_string}\"},\"query-input\":{\"@type\":\"PropertyValueSpecification\",\"valueRequired\":true,\"valueName\":\"search_term_string\"}}],\"inLanguage\":\"de\"},{\"@type\":\"Organization\",\"@id\":\"https:\/\/www.chateau-calissanne.fr\/#organization\",\"name\":\"Ch\u00e2teau Calissanne\",\"url\":\"https:\/\/www.chateau-calissanne.fr\/\",\"logo\":{\"@type\":\"ImageObject\",\"inLanguage\":\"de\",\"@id\":\"https:\/\/www.chateau-calissanne.fr\/#\/schema\/logo\/image\/\",\"url\":\"https:\/\/www.chateau-calissanne.fr\/wp-content\/uploads\/2021\/11\/chateau-calissanne-logo-calissanne.svg\",\"contentUrl\":\"https:\/\/www.chateau-calissanne.fr\/wp-content\/uploads\/2021\/11\/chateau-calissanne-logo-calissanne.svg\",\"width\":\"1024\",\"height\":\"1024\",\"caption\":\"Ch\u00e2teau Calissanne\"},\"image\":{\"@id\":\"https:\/\/www.chateau-calissanne.fr\/#\/schema\/logo\/image\/\"}}]}<\/script>\n<!-- \/ Yoast SEO plugin. -->","yoast_head_json":{"title":"Weinerzeugung aus eigenem Anbau - Ch\u00e2teau Calissanne | Huiles &amp; Vins de Provence","description":"En 2006, Philippe Kessler, fort de l\u2019exp\u00e9rience avec le Ch\u00e2teau Calissanne, a achet\u00e9 la propri\u00e9t\u00e9 qui devient le Domaine Clef de St-Thomas et qui est aujourd\u2019hui dirig\u00e9 par son \u00e9pouse Sophie Kessler-Mati\u00e8re.","robots":{"index":"index","follow":"follow","max-snippet":"max-snippet:-1","max-image-preview":"max-image-preview:large","max-video-preview":"max-video-preview:-1"},"canonical":"https:\/\/www.chateau-calissanne.fr\/de\/clef-de-st-thomas\/cdp-weinerzeugung-aus-eigenem-anbau\/","og_locale":"de_DE","og_type":"article","og_title":"Weinerzeugung aus eigenem Anbau - Ch\u00e2teau Calissanne | Huiles &amp; Vins de Provence","og_description":"En 2006, Philippe Kessler, fort de l\u2019exp\u00e9rience avec le Ch\u00e2teau Calissanne, a achet\u00e9 la propri\u00e9t\u00e9 qui devient le Domaine Clef de St-Thomas et qui est aujourd\u2019hui dirig\u00e9 par son \u00e9pouse Sophie Kessler-Mati\u00e8re.","og_url":"https:\/\/www.chateau-calissanne.fr\/de\/clef-de-st-thomas\/cdp-weinerzeugung-aus-eigenem-anbau\/","og_site_name":"Ch\u00e2teau Calissanne | Huiles &amp; Vins de Provence","article_modified_time":"2020-01-09T09:15:16+00:00","twitter_card":"summary_large_image","twitter_misc":{"Gesch\u00e4tzte Lesezeit":"7\u00a0Minuten"},"schema":{"@context":"https:\/\/schema.org","@graph":[{"@type":"WebPage","@id":"https:\/\/www.chateau-calissanne.fr\/de\/clef-de-st-thomas\/cdp-weinerzeugung-aus-eigenem-anbau\/","url":"https:\/\/www.chateau-calissanne.fr\/de\/clef-de-st-thomas\/cdp-weinerzeugung-aus-eigenem-anbau\/","name":"Weinerzeugung aus eigenem Anbau - Ch\u00e2teau Calissanne | Huiles &amp; Vins de Provence","isPartOf":{"@id":"https:\/\/www.chateau-calissanne.fr\/#website"},"datePublished":"2018-02-12T16:37:06+00:00","dateModified":"2020-01-09T09:15:16+00:00","description":"En 2006, Philippe Kessler, fort de l\u2019exp\u00e9rience avec le Ch\u00e2teau Calissanne, a achet\u00e9 la propri\u00e9t\u00e9 qui devient le Domaine Clef de St-Thomas et qui est aujourd\u2019hui dirig\u00e9 par son \u00e9pouse Sophie Kessler-Mati\u00e8re.","breadcrumb":{"@id":"https:\/\/www.chateau-calissanne.fr\/de\/clef-de-st-thomas\/cdp-weinerzeugung-aus-eigenem-anbau\/#breadcrumb"},"inLanguage":"de","potentialAction":[{"@type":"ReadAction","target":["https:\/\/www.chateau-calissanne.fr\/de\/clef-de-st-thomas\/cdp-weinerzeugung-aus-eigenem-anbau\/"]}]},{"@type":"BreadcrumbList","@id":"https:\/\/www.chateau-calissanne.fr\/de\/clef-de-st-thomas\/cdp-weinerzeugung-aus-eigenem-anbau\/#breadcrumb","itemListElement":[{"@type":"ListItem","position":1,"name":"Accueil","item":"https:\/\/www.chateau-calissanne.fr\/de\/"},{"@type":"ListItem","position":2,"name":"Clef de St Thomas","item":"https:\/\/www.chateau-calissanne.fr\/de\/?page_id=4341"},{"@type":"ListItem","position":3,"name":"Weinerzeugung aus eigenem Anbau"}]},{"@type":"WebSite","@id":"https:\/\/www.chateau-calissanne.fr\/#website","url":"https:\/\/www.chateau-calissanne.fr\/","name":"Ch\u00e2teau Calissanne | Huiles &amp; Vins de Provence","description":"Huiles &amp; Vin de Provence","publisher":{"@id":"https:\/\/www.chateau-calissanne.fr\/#organization"},"potentialAction":[{"@type":"SearchAction","target":{"@type":"EntryPoint","urlTemplate":"https:\/\/www.chateau-calissanne.fr\/?s={search_term_string}"},"query-input":{"@type":"PropertyValueSpecification","valueRequired":true,"valueName":"search_term_string"}}],"inLanguage":"de"},{"@type":"Organization","@id":"https:\/\/www.chateau-calissanne.fr\/#organization","name":"Ch\u00e2teau Calissanne","url":"https:\/\/www.chateau-calissanne.fr\/","logo":{"@type":"ImageObject","inLanguage":"de","@id":"https:\/\/www.chateau-calissanne.fr\/#\/schema\/logo\/image\/","url":"https:\/\/www.chateau-calissanne.fr\/wp-content\/uploads\/2021\/11\/chateau-calissanne-logo-calissanne.svg","contentUrl":"https:\/\/www.chateau-calissanne.fr\/wp-content\/uploads\/2021\/11\/chateau-calissanne-logo-calissanne.svg","width":"1024","height":"1024","caption":"Ch\u00e2teau Calissanne"},"image":{"@id":"https:\/\/www.chateau-calissanne.fr\/#\/schema\/logo\/image\/"}}]}},"_links":{"self":[{"href":"https:\/\/www.chateau-calissanne.fr\/de\/wp-json\/wp\/v2\/pages\/4362","targetHints":{"allow":["GET"]}}],"collection":[{"href":"https:\/\/www.chateau-calissanne.fr\/de\/wp-json\/wp\/v2\/pages"}],"about":[{"href":"https:\/\/www.chateau-calissanne.fr\/de\/wp-json\/wp\/v2\/types\/page"}],"author":[{"embeddable":true,"href":"https:\/\/www.chateau-calissanne.fr\/de\/wp-json\/wp\/v2\/users\/1"}],"replies":[{"embeddable":true,"href":"https:\/\/www.chateau-calissanne.fr\/de\/wp-json\/wp\/v2\/comments?post=4362"}],"version-history":[{"count":5,"href":"https:\/\/www.chateau-calissanne.fr\/de\/wp-json\/wp\/v2\/pages\/4362\/revisions"}],"predecessor-version":[{"id":8889,"href":"https:\/\/www.chateau-calissanne.fr\/de\/wp-json\/wp\/v2\/pages\/4362\/revisions\/8889"}],"up":[{"embeddable":true,"href":"https:\/\/www.chateau-calissanne.fr\/de\/wp-json\/wp\/v2\/pages\/4341"}],"wp:attachment":[{"href":"https:\/\/www.chateau-calissanne.fr\/de\/wp-json\/wp\/v2\/media?parent=4362"}],"curies":[{"name":"wp","href":"https:\/\/api.w.org\/{rel}","templated":true}]}}